{"id":20,"date":"2025-02-22T17:18:18","date_gmt":"2025-02-22T16:18:18","guid":{"rendered":"https:\/\/www.jeanbailenart.com\/?page_id=20"},"modified":"2026-02-25T12:36:09","modified_gmt":"2026-02-25T11:36:09","slug":"a-propos","status":"publish","type":"page","link":"https:\/\/www.jeanbailenart.com\/index.php\/a-propos\/","title":{"rendered":"A propos"},"content":{"rendered":"\t\t<div data-elementor-type=\"wp-page\" data-elementor-id=\"20\" class=\"elementor elementor-20\">\n\t\t\t\t<div class=\"elementor-element elementor-element-811e7c1 e-con-full e-flex e-con e-parent\" data-id=\"811e7c1\" data-element_type=\"container\" data-e-type=\"container\" data-settings=\"{&quot;background_background&quot;:&quot;classic&quot;}\">\n\t\t\t\t<\/div>\n\t\t<div class=\"elementor-element elementor-element-4598852 e-grid e-con-boxed e-con e-parent\" data-id=\"4598852\" data-element_type=\"container\" data-e-type=\"container\">\n\t\t\t\t\t<div class=\"e-con-inner\">\n\t\t\t\t<div class=\"elementor-element elementor-element-4d1dd3a elementor-widget elementor-widget-image\" data-id=\"4d1dd3a\" data-element_type=\"widget\" data-e-type=\"widget\" data-widget_type=\"image.default\">\n\t\t\t\t<div class=\"elementor-widget-container\">\n\t\t\t\t\t\t\t\t\t\t\t\t\t\t\t<img fetchpriority=\"high\" decoding=\"async\" width=\"238\" height=\"300\" src=\"https:\/\/www.jeanbailenart.com\/wp-content\/uploads\/2025\/03\/Jean-Bailen-web-238x300.jpg\" class=\"attachment-medium size-medium wp-image-687\" alt=\"\" srcset=\"https:\/\/www.jeanbailenart.com\/wp-content\/uploads\/2025\/03\/Jean-Bailen-web-238x300.jpg 238w, https:\/\/www.jeanbailenart.com\/wp-content\/uploads\/2025\/03\/Jean-Bailen-web-811x1024.jpg 811w, https:\/\/www.jeanbailenart.com\/wp-content\/uploads\/2025\/03\/Jean-Bailen-web-768x969.jpg 768w, https:\/\/www.jeanbailenart.com\/wp-content\/uploads\/2025\/03\/Jean-Bailen-web-250x316.jpg 250w, https:\/\/www.jeanbailenart.com\/wp-content\/uploads\/2025\/03\/Jean-Bailen-web-400x505.jpg 400w, https:\/\/www.jeanbailenart.com\/wp-content\/uploads\/2025\/03\/Jean-Bailen-web.jpg 1030w\" sizes=\"(max-width: 238px) 100vw, 238px\" \/>\t\t\t\t\t\t\t\t\t\t\t\t\t\t\t<\/div>\n\t\t\t\t<\/div>\n\t\t\t\t<div class=\"elementor-element elementor-element-d4e57c4 elementor-widget__width-initial elementor-widget elementor-widget-heading\" data-id=\"d4e57c4\" data-element_type=\"widget\" data-e-type=\"widget\" data-widget_type=\"heading.default\">\n\t\t\t\t<div class=\"elementor-widget-container\">\n\t\t\t\t\t<h2 class=\"elementor-heading-title elementor-size-default\">J'ai toujours \u00e9t\u00e9 attir\u00e9 par la cr\u00e9ation artistique sous toutes ses formes. J'ai pu l'essayer en tant qu'infographiste, illustrateur et vid\u00e9aste.<br>\nJ'exprime maintenant ma part cr\u00e9ative \u00e0 travers la peinture et me passionne pour le portrait.<br><br>\n \nDans ces portraits je laisse libre cours \u00e0 mon sens artistique pour accentuer les contrastes des personnages qui expriment la part de lumi\u00e8re et d'ombre que nous exp\u00e9rimentons tous.<br><br>\n\nJe tente ainsi d'interpeller le spectateur en voulant d\u00e9passer les apparences, souvent trompeuses. Je d\u00e9structure, morcelle, fragmente les contours des corps et des visages. Ces points de ruptures et ces lignes chaotiques seraient les signes ext\u00e9rieurs de notre condition int\u00e9rieure.\nChaque \u0153uvre peut donc susciter chez l'observateur un sursaut qui nous force \u00e0 nous interroger. Ces portraits pourraient \u00eatre un miroir nous refl\u00e9tant et nous invitant \u00e0 l'introspection et enfin provoquer notre v\u00e9ritable rencontre.<br><br>\nEntre nos \u00e9motions et nos f\u00ealures, nous sommes. Jean Bailen<\/h2>\t\t\t\t<\/div>\n\t\t\t\t<\/div>\n\t\t\t\t\t<\/div>\n\t\t\t\t<\/div>\n\t\t<div class=\"elementor-element elementor-element-070e2de e-flex e-con-boxed e-con e-parent\" data-id=\"070e2de\" data-element_type=\"container\" data-e-type=\"container\">\n\t\t\t\t\t<div class=\"e-con-inner\">\n\t\t\t\t<div class=\"elementor-element elementor-element-9da2ebc elementor-widget elementor-widget-image\" data-id=\"9da2ebc\" data-element_type=\"widget\" data-e-type=\"widget\" data-widget_type=\"image.default\">\n\t\t\t\t<div class=\"elementor-widget-container\">\n\t\t\t\t\t\t\t\t\t\t\t\t\t\t\t<img decoding=\"async\" width=\"150\" height=\"150\" src=\"https:\/\/www.jeanbailenart.com\/wp-content\/uploads\/2025\/03\/signature-PNG-150x150.png\" class=\"attachment-thumbnail size-thumbnail wp-image-691\" alt=\"\" srcset=\"https:\/\/www.jeanbailenart.com\/wp-content\/uploads\/2025\/03\/signature-PNG-150x150.png 150w, https:\/\/www.jeanbailenart.com\/wp-content\/uploads\/2025\/03\/signature-PNG-100x100.png 100w\" sizes=\"(max-width: 150px) 100vw, 150px\" \/>\t\t\t\t\t\t\t\t\t\t\t\t\t\t\t<\/div>\n\t\t\t\t<\/div>\n\t\t\t\t\t<\/div>\n\t\t\t\t<\/div>\n\t\t\t\t<\/div>\n\t\t","protected":false},"excerpt":{"rendered":"<p>J&rsquo;ai toujours \u00e9t\u00e9 attir\u00e9 par la cr\u00e9ation artistique sous toutes ses formes. J&rsquo;ai pu l&rsquo;essayer en tant qu&rsquo;infographiste, illustrateur et vid\u00e9aste. J&rsquo;exprime maintenant ma part cr\u00e9ative \u00e0 travers la peinture et me passionne pour le portrait. Dans ces portraits je laisse libre cours \u00e0 mon sens artistique pour accentuer les contrastes des personnages qui expriment [&hellip;]<\/p>\n","protected":false},"author":1,"featured_media":0,"parent":0,"menu_order":0,"comment_status":"closed","ping_status":"closed","template":"elementor_header_footer","meta":{"ocean_post_layout":"","ocean_both_sidebars_style":"","ocean_both_sidebars_content_width":0,"ocean_both_sidebars_sidebars_width":0,"ocean_sidebar":"","ocean_second_sidebar":"","ocean_disable_margins":"enable","ocean_add_body_class":"","ocean_shortcode_before_top_bar":"","ocean_shortcode_after_top_bar":"","ocean_shortcode_before_header":"","ocean_shortcode_after_header":"","ocean_has_shortcode":"","ocean_shortcode_after_title":"","ocean_shortcode_before_footer_widgets":"","ocean_shortcode_after_footer_widgets":"","ocean_shortcode_before_footer_bottom":"","ocean_shortcode_after_footer_bottom":"","ocean_display_top_bar":"default","ocean_display_header":"default","ocean_header_style":"","ocean_center_header_left_menu":"","ocean_custom_header_template":"","ocean_custom_logo":0,"ocean_custom_retina_logo":0,"ocean_custom_logo_max_width":0,"ocean_custom_logo_tablet_max_width":0,"ocean_custom_logo_mobile_max_width":0,"ocean_custom_logo_max_height":0,"ocean_custom_logo_tablet_max_height":0,"ocean_custom_logo_mobile_max_height":0,"ocean_header_custom_menu":"","ocean_menu_typo_font_family":"","ocean_menu_typo_font_subset":"","ocean_menu_typo_font_size":0,"ocean_menu_typo_font_size_tablet":0,"ocean_menu_typo_font_size_mobile":0,"ocean_menu_typo_font_size_unit":"px","ocean_menu_typo_font_weight":"","ocean_menu_typo_font_weight_tablet":"","ocean_menu_typo_font_weight_mobile":"","ocean_menu_typo_transform":"","ocean_menu_typo_transform_tablet":"","ocean_menu_typo_transform_mobile":"","ocean_menu_typo_line_height":0,"ocean_menu_typo_line_height_tablet":0,"ocean_menu_typo_line_height_mobile":0,"ocean_menu_typo_line_height_unit":"","ocean_menu_typo_spacing":0,"ocean_menu_typo_spacing_tablet":0,"ocean_menu_typo_spacing_mobile":0,"ocean_menu_typo_spacing_unit":"","ocean_menu_link_color":"","ocean_menu_link_color_hover":"","ocean_menu_link_color_active":"","ocean_menu_link_background":"","ocean_menu_link_hover_background":"","ocean_menu_link_active_background":"","ocean_menu_social_links_bg":"","ocean_menu_social_hover_links_bg":"","ocean_menu_social_links_color":"","ocean_menu_social_hover_links_color":"","ocean_disable_title":"default","ocean_disable_heading":"default","ocean_post_title":"","ocean_post_subheading":"","ocean_post_title_style":"","ocean_post_title_background_color":"","ocean_post_title_background":0,"ocean_post_title_bg_image_position":"","ocean_post_title_bg_image_attachment":"","ocean_post_title_bg_image_repeat":"","ocean_post_title_bg_image_size":"","ocean_post_title_height":0,"ocean_post_title_bg_overlay":0.5,"ocean_post_title_bg_overlay_color":"","ocean_disable_breadcrumbs":"default","ocean_breadcrumbs_color":"","ocean_breadcrumbs_separator_color":"","ocean_breadcrumbs_links_color":"","ocean_breadcrumbs_links_hover_color":"","ocean_display_footer_widgets":"default","ocean_display_footer_bottom":"default","ocean_custom_footer_template":"","footnotes":""},"class_list":["post-20","page","type-page","status-publish","hentry","entry","owp-thumbs-layout-horizontal","owp-btn-normal","owp-tabs-layout-horizontal","has-no-thumbnails","has-product-nav"],"yoast_head":"<!-- This site is optimized with the Yoast SEO plugin v27.5 - https:\/\/yoast.com\/product\/yoast-seo-wordpress\/ -->\n<title>A propos - JeanBailenArt<\/title>\n<meta name=\"robots\" content=\"index, follow, max-snippet:-1, max-image-preview:large, max-video-preview:-1\" \/>\n<link rel=\"canonical\" href=\"https:\/\/www.jeanbailenart.com\/index.php\/a-propos\/\" \/>\n<meta property=\"og:locale\" content=\"fr_FR\" \/>\n<meta property=\"og:type\" content=\"article\" \/>\n<meta property=\"og:title\" content=\"A propos - JeanBailenArt\" \/>\n<meta property=\"og:description\" content=\"J&rsquo;ai toujours \u00e9t\u00e9 attir\u00e9 par la cr\u00e9ation artistique sous toutes ses formes. J&rsquo;ai pu l&rsquo;essayer en tant qu&rsquo;infographiste, illustrateur et vid\u00e9aste. J&rsquo;exprime maintenant ma part cr\u00e9ative \u00e0 travers la peinture et me passionne pour le portrait. Dans ces portraits je laisse libre cours \u00e0 mon sens artistique pour accentuer les contrastes des personnages qui expriment [&hellip;]\" \/>\n<meta property=\"og:url\" content=\"https:\/\/www.jeanbailenart.com\/index.php\/a-propos\/\" \/>\n<meta property=\"og:site_name\" content=\"JeanBailenArt\" \/>\n<meta property=\"article:modified_time\" content=\"2026-02-25T11:36:09+00:00\" \/>\n<meta property=\"og:image\" content=\"http:\/\/www.jeanbailenart.com\/wp-content\/uploads\/2025\/03\/Jean-Bailen-web-238x300.jpg\" \/>\n<meta name=\"twitter:card\" content=\"summary_large_image\" \/>\n<meta name=\"twitter:label1\" content=\"Dur\u00e9e de lecture estim\u00e9e\" \/>\n\t<meta name=\"twitter:data1\" content=\"2 minutes\" \/>\n<script type=\"application\/ld+json\" class=\"yoast-schema-graph\">{\"@context\":\"https:\\\/\\\/schema.org\",\"@graph\":[{\"@type\":\"WebPage\",\"@id\":\"https:\\\/\\\/www.jeanbailenart.com\\\/index.php\\\/a-propos\\\/\",\"url\":\"https:\\\/\\\/www.jeanbailenart.com\\\/index.php\\\/a-propos\\\/\",\"name\":\"A propos - JeanBailenArt\",\"isPartOf\":{\"@id\":\"https:\\\/\\\/www.jeanbailenart.com\\\/#website\"},\"primaryImageOfPage\":{\"@id\":\"https:\\\/\\\/www.jeanbailenart.com\\\/index.php\\\/a-propos\\\/#primaryimage\"},\"image\":{\"@id\":\"https:\\\/\\\/www.jeanbailenart.com\\\/index.php\\\/a-propos\\\/#primaryimage\"},\"thumbnailUrl\":\"http:\\\/\\\/www.jeanbailenart.com\\\/wp-content\\\/uploads\\\/2025\\\/03\\\/Jean-Bailen-web-238x300.jpg\",\"datePublished\":\"2025-02-22T16:18:18+00:00\",\"dateModified\":\"2026-02-25T11:36:09+00:00\",\"breadcrumb\":{\"@id\":\"https:\\\/\\\/www.jeanbailenart.com\\\/index.php\\\/a-propos\\\/#breadcrumb\"},\"inLanguage\":\"fr-FR\",\"potentialAction\":[{\"@type\":\"ReadAction\",\"target\":[\"https:\\\/\\\/www.jeanbailenart.com\\\/index.php\\\/a-propos\\\/\"]}]},{\"@type\":\"ImageObject\",\"inLanguage\":\"fr-FR\",\"@id\":\"https:\\\/\\\/www.jeanbailenart.com\\\/index.php\\\/a-propos\\\/#primaryimage\",\"url\":\"https:\\\/\\\/www.jeanbailenart.com\\\/wp-content\\\/uploads\\\/2025\\\/03\\\/Jean-Bailen-web.jpg\",\"contentUrl\":\"https:\\\/\\\/www.jeanbailenart.com\\\/wp-content\\\/uploads\\\/2025\\\/03\\\/Jean-Bailen-web.jpg\",\"width\":1030,\"height\":1300},{\"@type\":\"BreadcrumbList\",\"@id\":\"https:\\\/\\\/www.jeanbailenart.com\\\/index.php\\\/a-propos\\\/#breadcrumb\",\"itemListElement\":[{\"@type\":\"ListItem\",\"position\":1,\"name\":\"Accueil\",\"item\":\"https:\\\/\\\/www.jeanbailenart.com\\\/\"},{\"@type\":\"ListItem\",\"position\":2,\"name\":\"A propos\"}]},{\"@type\":\"WebSite\",\"@id\":\"https:\\\/\\\/www.jeanbailenart.com\\\/#website\",\"url\":\"https:\\\/\\\/www.jeanbailenart.com\\\/\",\"name\":\"JeanBailenArt\",\"description\":\"Un site utilisant WordPress\",\"potentialAction\":[{\"@type\":\"SearchAction\",\"target\":{\"@type\":\"EntryPoint\",\"urlTemplate\":\"https:\\\/\\\/www.jeanbailenart.com\\\/?s={search_term_string}\"},\"query-input\":{\"@type\":\"PropertyValueSpecification\",\"valueRequired\":true,\"valueName\":\"search_term_string\"}}],\"inLanguage\":\"fr-FR\"}]}<\/script>\n<!-- \/ Yoast SEO plugin. -->","yoast_head_json":{"title":"A propos - JeanBailenArt","robots":{"index":"index","follow":"follow","max-snippet":"max-snippet:-1","max-image-preview":"max-image-preview:large","max-video-preview":"max-video-preview:-1"},"canonical":"https:\/\/www.jeanbailenart.com\/index.php\/a-propos\/","og_locale":"fr_FR","og_type":"article","og_title":"A propos - JeanBailenArt","og_description":"J&rsquo;ai toujours \u00e9t\u00e9 attir\u00e9 par la cr\u00e9ation artistique sous toutes ses formes. J&rsquo;ai pu l&rsquo;essayer en tant qu&rsquo;infographiste, illustrateur et vid\u00e9aste. J&rsquo;exprime maintenant ma part cr\u00e9ative \u00e0 travers la peinture et me passionne pour le portrait. Dans ces portraits je laisse libre cours \u00e0 mon sens artistique pour accentuer les contrastes des personnages qui expriment [&hellip;]","og_url":"https:\/\/www.jeanbailenart.com\/index.php\/a-propos\/","og_site_name":"JeanBailenArt","article_modified_time":"2026-02-25T11:36:09+00:00","og_image":[{"url":"http:\/\/www.jeanbailenart.com\/wp-content\/uploads\/2025\/03\/Jean-Bailen-web-238x300.jpg","type":"","width":"","height":""}],"twitter_card":"summary_large_image","twitter_misc":{"Dur\u00e9e de lecture estim\u00e9e":"2 minutes"},"schema":{"@context":"https:\/\/schema.org","@graph":[{"@type":"WebPage","@id":"https:\/\/www.jeanbailenart.com\/index.php\/a-propos\/","url":"https:\/\/www.jeanbailenart.com\/index.php\/a-propos\/","name":"A propos - JeanBailenArt","isPartOf":{"@id":"https:\/\/www.jeanbailenart.com\/#website"},"primaryImageOfPage":{"@id":"https:\/\/www.jeanbailenart.com\/index.php\/a-propos\/#primaryimage"},"image":{"@id":"https:\/\/www.jeanbailenart.com\/index.php\/a-propos\/#primaryimage"},"thumbnailUrl":"http:\/\/www.jeanbailenart.com\/wp-content\/uploads\/2025\/03\/Jean-Bailen-web-238x300.jpg","datePublished":"2025-02-22T16:18:18+00:00","dateModified":"2026-02-25T11:36:09+00:00","breadcrumb":{"@id":"https:\/\/www.jeanbailenart.com\/index.php\/a-propos\/#breadcrumb"},"inLanguage":"fr-FR","potentialAction":[{"@type":"ReadAction","target":["https:\/\/www.jeanbailenart.com\/index.php\/a-propos\/"]}]},{"@type":"ImageObject","inLanguage":"fr-FR","@id":"https:\/\/www.jeanbailenart.com\/index.php\/a-propos\/#primaryimage","url":"https:\/\/www.jeanbailenart.com\/wp-content\/uploads\/2025\/03\/Jean-Bailen-web.jpg","contentUrl":"https:\/\/www.jeanbailenart.com\/wp-content\/uploads\/2025\/03\/Jean-Bailen-web.jpg","width":1030,"height":1300},{"@type":"BreadcrumbList","@id":"https:\/\/www.jeanbailenart.com\/index.php\/a-propos\/#breadcrumb","itemListElement":[{"@type":"ListItem","position":1,"name":"Accueil","item":"https:\/\/www.jeanbailenart.com\/"},{"@type":"ListItem","position":2,"name":"A propos"}]},{"@type":"WebSite","@id":"https:\/\/www.jeanbailenart.com\/#website","url":"https:\/\/www.jeanbailenart.com\/","name":"JeanBailenArt","description":"Un site utilisant WordPress","potentialAction":[{"@type":"SearchAction","target":{"@type":"EntryPoint","urlTemplate":"https:\/\/www.jeanbailenart.com\/?s={search_term_string}"},"query-input":{"@type":"PropertyValueSpecification","valueRequired":true,"valueName":"search_term_string"}}],"inLanguage":"fr-FR"}]}},"_links":{"self":[{"href":"https:\/\/www.jeanbailenart.com\/index.php\/wp-json\/wp\/v2\/pages\/20","targetHints":{"allow":["GET"]}}],"collection":[{"href":"https:\/\/www.jeanbailenart.com\/index.php\/wp-json\/wp\/v2\/pages"}],"about":[{"href":"https:\/\/www.jeanbailenart.com\/index.php\/wp-json\/wp\/v2\/types\/page"}],"author":[{"embeddable":true,"href":"https:\/\/www.jeanbailenart.com\/index.php\/wp-json\/wp\/v2\/users\/1"}],"replies":[{"embeddable":true,"href":"https:\/\/www.jeanbailenart.com\/index.php\/wp-json\/wp\/v2\/comments?post=20"}],"version-history":[{"count":31,"href":"https:\/\/www.jeanbailenart.com\/index.php\/wp-json\/wp\/v2\/pages\/20\/revisions"}],"predecessor-version":[{"id":862,"href":"https:\/\/www.jeanbailenart.com\/index.php\/wp-json\/wp\/v2\/pages\/20\/revisions\/862"}],"wp:attachment":[{"href":"https:\/\/www.jeanbailenart.com\/index.php\/wp-json\/wp\/v2\/media?parent=20"}],"curies":[{"name":"wp","href":"https:\/\/api.w.org\/{rel}","templated":true}]}}